{"id":113,"date":"2024-06-07T01:50:29","date_gmt":"2024-06-06T23:50:29","guid":{"rendered":"https:\/\/2024.konferencevenkov.cz\/?page_id=113"},"modified":"2024-10-10T10:41:15","modified_gmt":"2024-10-10T08:41:15","slug":"ubytovani","status":"publish","type":"page","link":"https:\/\/2024.konferencevenkov.cz\/index.php\/ubytovani\/","title":{"rendered":"Ubytov\u00e1n\u00ed a doprava"},"content":{"rendered":"\n<div class=\"wp-block-columns is-layout-flex wp-container-core-columns-is-layout-28f84493 wp-block-columns-is-layout-flex\">\n<div class=\"wp-block-column is-layout-flow wp-block-column-is-layout-flow\" style=\"flex-basis:66.66%\">\n<blockquote class=\"wp-block-quote is-layout-flow wp-block-quote-is-layout-flow\">\n<p>Ubytov\u00e1n\u00ed<\/p>\n\n\n\n<p class=\"has-normal-font-size\">V dostupn\u00e9 vzd\u00e1lenosti 1-2 km od centra m\u011bsta se nach\u00e1z\u00ed cel\u00e1 \u0159ada vyhovuj\u00edc\u00edch v\u011bt\u0161\u00edch i men\u0161\u00edch hotel\u016f s celkovou kapacitou cca 200 ubytovan\u00fdch osob.&nbsp;<br>&nbsp;<br><strong>Ubytov\u00e1n\u00ed si \u00fa\u010dastn\u00edci konference zaji\u0161\u0165uj\u00ed a hrad\u00ed sami. P\u0159i objedn\u00e1n\u00ed ubytov\u00e1n\u00ed vyu\u017eijte heslo \u201eKonference venkov\u201c.<\/strong><br><strong>Parkov\u00e1n\u00ed vozidel bude p\u0159\u00edmo v&nbsp;are\u00e1lu ubytovac\u00edho za\u0159\u00edzen\u00ed. Nelze zajistit parkov\u00e1n\u00ed vozidel v&nbsp;historick\u00e9 \u010d\u00e1sti M\u011bln\u00edka, tedy na n\u00e1m\u011bst\u00ed a u z\u00e1mku.<\/strong><br><strong>&nbsp;<\/strong><br>Svoz \u00fa\u010dastn\u00edk\u016f z&nbsp;a do m\u00edsta ubytov\u00e1n\u00ed bude zaji\u0161t\u011bn dopravn\u00ed firmou Pet\u0159\u00edk.<\/p>\n<\/blockquote>\n<\/div>\n\n\n\n<div class=\"wp-block-column is-layout-flow wp-block-column-is-layout-flow\" style=\"flex-basis:33.33%\">\n<blockquote class=\"wp-block-quote is-layout-flow wp-block-quote-is-layout-flow\">\n<p>Prov\u011b\u0159en\u00e9 taxi firmy<\/p>\n\n\n\n<p class=\"has-normal-font-size\"><strong>2T TOMI TAXI<\/strong><\/p>\n\n\n\n<p class=\"has-normal-font-size\">tel.: 775&nbsp;772&nbsp;031<\/p>\n\n\n\n<hr class=\"wp-block-separator has-alpha-channel-opacity\"\/>\n<cite><strong>TAXI KONR\u00c1D<br><\/strong><br>tel.: 737&nbsp;109&nbsp;999<\/cite><\/blockquote>\n\n\n\n<p><\/p>\n<\/div>\n<\/div>\n\n\n\n<div style=\"height:100px\" aria-hidden=\"true\" class=\"wp-block-spacer\"><\/div>\n\n\n\n<h2 class=\"wp-block-heading\">Parkov\u00e1n\u00ed<\/h2>\n\n\n\n<p>N\u00ed\u017ee naleznete seznam mo\u017en\u00fdch parkov\u00e1n\u00ed v dob\u011b kon\u00e1n\u00ed konference 15.-17.2024<\/p>\n\n\n\n<ul class=\"wp-block-list\">\n<li>parkovi\u0161t\u011b na n\u00e1m\u011bst\u00ed M\u00edru p\u0159ed budovou \u010d.p. 51<\/li>\n\n\n\n<li>ulice k Mostu po lev\u00e9 stran\u011b od mostu Straky ke kv\u011btin\u00e1\u010d\u016fm, <strong>jeden j\u00edzdn\u00ed pruh mus\u00ed z\u016fstat pr\u00e1zdn\u00fd!<\/strong><\/li>\n\n\n\n<li>ulice Plavebn\u00ed v z\u00e1livech<\/li>\n\n\n\n<li>parkovi\u0161t\u011b Na Svini (ulice Legion\u00e1\u0159\u016f)<\/li>\n\n\n\n<li><\/li>\n\n\n\n<li><strong>ulice Svatov\u00e1clavsk\u00e1 a \u010cesk\u00e1 pros\u00edm neparkovat<\/strong><\/li>\n\n\n\n<li><\/li>\n\n\n\n<li>mikrobus bude zastavovat na autobusov\u00e9 zast\u00e1vce na n\u00e1m\u011bst\u00ed Karla IV.<\/li>\n\n\n\n<li>autobusy na exkurze vyj\u00ed\u017ed\u011bj\u00ed z parkovi\u0161t\u011b Na Svini<\/li>\n<\/ul>\n\n\n\n<p><\/p>\n\n\n\n<div id=\"wp-block-themeisle-blocks-advanced-columns-5f040b52\" class=\"wp-block-themeisle-blocks-advanced-columns has-2-columns has-desktop-twoOne-layout has-tablet-equal-layout has-mobile-collapsedRows-layout has-vertical-unset\"><div class=\"wp-block-themeisle-blocks-advanced-columns-overlay\"><\/div><div class=\"innerblocks-wrap\">\n<div id=\"wp-block-themeisle-blocks-advanced-column-d925342e\" class=\"wp-block-themeisle-blocks-advanced-column\">\n<figure class=\"wp-block-image size-full\"><img loading=\"lazy\" decoding=\"async\" width=\"760\" height=\"674\" src=\"https:\/\/2024.konferencevenkov.cz\/wp-content\/uploads\/2024\/09\/Mapa_melnik.png\" alt=\"\" class=\"wp-image-335\" srcset=\"https:\/\/2024.konferencevenkov.cz\/wp-content\/uploads\/2024\/09\/Mapa_melnik.png 760w, https:\/\/2024.konferencevenkov.cz\/wp-content\/uploads\/2024\/09\/Mapa_melnik-300x266.png 300w\" sizes=\"auto, (max-width: 760px) 100vw, 760px\" \/><\/figure>\n<\/div>\n\n\n\n<div id=\"wp-block-themeisle-blocks-advanced-column-7e3bc645\" class=\"wp-block-themeisle-blocks-advanced-column\">\n<p class=\"has-text-align-center\" style=\"padding-top:var(--wp--preset--spacing--80);padding-right:var(--wp--preset--spacing--60);padding-bottom:var(--wp--preset--spacing--80);padding-left:var(--wp--preset--spacing--60)\">Po cel\u00e9 d\u00e9lce ulice Plavebn\u00ed (p\u011b\u0161ky 350 &#8211; 800 m k Z\u00e1mku) lze <strong>bezplatn\u011b parkovat<\/strong>.<\/p>\n<\/div>\n<\/div><\/div>\n\n\n\n<div style=\"height:100px\" aria-hidden=\"true\" class=\"wp-block-spacer\"><\/div>\n\n\n\n<div class=\"wp-block-group alignfull has-background is-layout-constrained wp-container-core-group-is-layout-a8cabacf wp-block-group-is-layout-constrained\" style=\"background-color:#ebf2d5;margin-top:0px;margin-bottom:0px;padding-top:64px;padding-right:24px;padding-bottom:64px;padding-left:24px\">\n<div class=\"wp-block-columns alignwide is-layout-flex wp-container-core-columns-is-layout-6127943d wp-block-columns-is-layout-flex\">\n<div class=\"wp-block-column is-layout-flow wp-block-column-is-layout-flow\" style=\"padding-top:0px;padding-right:0px;padding-bottom:0px;padding-left:0px\">\n<div class=\"wp-block-group is-content-justification-left is-layout-constrained wp-container-core-group-is-layout-c659f4f1 wp-block-group-is-layout-constrained\" style=\"padding-top:0;padding-right:0;padding-bottom:0;padding-left:0\">\n<div class=\"wp-block-group has-background is-content-justification-left is-layout-constrained wp-container-core-group-is-layout-781a648b wp-block-group-is-layout-constrained\" style=\"border-radius:100px;background-color:#2b3088;padding-top:16px;padding-right:16px;padding-bottom:16px;padding-left:16px\">\n<figure class=\"wp-block-image size-full\"><img loading=\"lazy\" decoding=\"async\" width=\"640\" height=\"456\" src=\"https:\/\/2024.konferencevenkov.cz\/wp-content\/uploads\/2024\/06\/bed.png\" alt=\"\" class=\"wp-image-169\" srcset=\"https:\/\/2024.konferencevenkov.cz\/wp-content\/uploads\/2024\/06\/bed.png 640w, https:\/\/2024.konferencevenkov.cz\/wp-content\/uploads\/2024\/06\/bed-300x214.png 300w\" sizes=\"auto, (max-width: 640px) 100vw, 640px\" \/><\/figure>\n<\/div>\n<\/div>\n\n\n\n<p><strong>Hotel Ludmila<\/strong><\/p>\n\n\n\n<p>web: <a href=\"http:\/\/www.ludmila.cz\" data-type=\"link\" data-id=\"www.ludmila.cz\">www.ludmila.cz<\/a><\/p>\n\n\n\n<p>vzd\u00e1lenost: 2,3 km (p\u011b\u0161ky 30 minut)<\/p>\n\n\n\n<hr class=\"wp-block-separator has-alpha-channel-opacity\"\/>\n\n\n\n<p>Kapacita: 70 pokoj\u016f 2 \u2013 3 l\u016f\u017ekov\u00fdch&nbsp;<\/p>\n\n\n\n<p>e-mail: <a href=\"mailto:recepce@ludmila.cz\">recepce@ludmila.cz<\/a><\/p>\n\n\n\n<p>tel..: 315 622 419<\/p>\n<\/div>\n\n\n\n<div class=\"wp-block-column is-layout-flow wp-block-column-is-layout-flow\" style=\"padding-top:0px;padding-right:0px;padding-bottom:0px;padding-left:0px\">\n<div class=\"wp-block-group is-content-justification-left is-layout-constrained wp-container-core-group-is-layout-c659f4f1 wp-block-group-is-layout-constrained\" style=\"padding-top:0;padding-right:0;padding-bottom:0;padding-left:0\">\n<div class=\"wp-block-group has-background is-content-justification-left is-layout-constrained wp-container-core-group-is-layout-781a648b wp-block-group-is-layout-constrained\" style=\"border-radius:100px;background-color:#2b3088;padding-top:16px;padding-right:16px;padding-bottom:16px;padding-left:16px\">\n<figure class=\"wp-block-image size-full\"><img loading=\"lazy\" decoding=\"async\" width=\"640\" height=\"456\" src=\"https:\/\/2024.konferencevenkov.cz\/wp-content\/uploads\/2024\/06\/bed-1.png\" alt=\"\" class=\"wp-image-170\" srcset=\"https:\/\/2024.konferencevenkov.cz\/wp-content\/uploads\/2024\/06\/bed-1.png 640w, https:\/\/2024.konferencevenkov.cz\/wp-content\/uploads\/2024\/06\/bed-1-300x214.png 300w\" sizes=\"auto, (max-width: 640px) 100vw, 640px\" \/><\/figure>\n<\/div>\n<\/div>\n\n\n\n<p><strong>Hotel Jaro<\/strong><\/p>\n\n\n\n<p>web: <a href=\"http:\/\/www.hotel-jaro.cz\/cs\/\" data-type=\"link\" data-id=\"http:\/\/www.hotel-jaro.cz\/cs\/\">http:\/\/www.hotel-jaro.cz\/cs\/<\/a><\/p>\n\n\n\n<p>vzd\u00e1lenost: od centra 300 m<\/p>\n\n\n\n<hr class=\"wp-block-separator has-alpha-channel-opacity\"\/>\n\n\n\n<p>Kapacita: 10 pokoj\u016f 2 l\u016f\u017ekov\u00fdch&nbsp;<\/p>\n\n\n\n<p>e-mail:&nbsp;<a href=\"mailto:jaro.melnik@centrum.cz\">jaro.melnik@centrum.cz<\/a><\/p>\n\n\n\n<p>tel.: 725&nbsp;813&nbsp;073<\/p>\n<\/div>\n<\/div>\n<\/div>\n\n\n\n<div class=\"wp-block-group alignfull has-ti-bg-background-color has-background is-layout-constrained wp-container-core-group-is-layout-a8cabacf wp-block-group-is-layout-constrained\" style=\"margin-top:0px;margin-bottom:0px;padding-top:64px;padding-right:24px;padding-bottom:64px;padding-left:24px\">\n<div class=\"wp-block-columns alignwide is-layout-flex wp-container-core-columns-is-layout-6127943d wp-block-columns-is-layout-flex\">\n<div class=\"wp-block-column is-layout-flow wp-block-column-is-layout-flow\" style=\"padding-top:0px;padding-right:0px;padding-bottom:0px;padding-left:0px\">\n<div class=\"wp-block-group is-content-justification-left is-layout-constrained wp-container-core-group-is-layout-c659f4f1 wp-block-group-is-layout-constrained\" style=\"padding-top:0;padding-right:0;padding-bottom:0;padding-left:0\">\n<div class=\"wp-block-group has-background is-content-justification-left is-layout-constrained wp-container-core-group-is-layout-781a648b wp-block-group-is-layout-constrained\" style=\"border-radius:100px;background-color:#2b3088;padding-top:16px;padding-right:16px;padding-bottom:16px;padding-left:16px\">\n<figure class=\"wp-block-image size-full\"><img loading=\"lazy\" decoding=\"async\" width=\"640\" height=\"456\" src=\"https:\/\/2024.konferencevenkov.cz\/wp-content\/uploads\/2024\/06\/bed-3.png\" alt=\"\" class=\"wp-image-172\" srcset=\"https:\/\/2024.konferencevenkov.cz\/wp-content\/uploads\/2024\/06\/bed-3.png 640w, https:\/\/2024.konferencevenkov.cz\/wp-content\/uploads\/2024\/06\/bed-3-300x214.png 300w\" sizes=\"auto, (max-width: 640px) 100vw, 640px\" \/><\/figure>\n<\/div>\n<\/div>\n\n\n\n<p><strong>Hotel Olympionik<\/strong><\/p>\n\n\n\n<p>web: <a href=\"http:\/\/www.hotel-olympionik.cz\" data-type=\"link\" data-id=\"www.hotel-olympionik.cz\">www.hotel-olympionik.cz<\/a><\/p>\n\n\n\n<p>vzd\u00e1lenost: od centra 1 km (15 minut p\u011b\u0161ky)<\/p>\n\n\n\n<hr class=\"wp-block-separator has-alpha-channel-opacity\"\/>\n\n\n\n<p>Kapacita: 31 pokoj\u016f 1, 2, 3 l\u016f\u017ekov\u00e9 \/ 60 l\u016f\u017eek&nbsp;<\/p>\n\n\n\n<p>e-mail:&nbsp;<a href=\"mailto:olympionik@penzion.cz\">olympionik@penzion.cz<\/a><\/p>\n\n\n\n<p>tel.: 315 622 309<\/p>\n<\/div>\n\n\n\n<div class=\"wp-block-column is-layout-flow wp-block-column-is-layout-flow\" style=\"padding-top:0px;padding-right:0px;padding-bottom:0px;padding-left:0px\">\n<div class=\"wp-block-group is-content-justification-left is-layout-constrained wp-container-core-group-is-layout-c659f4f1 wp-block-group-is-layout-constrained\" style=\"padding-top:0;padding-right:0;padding-bottom:0;padding-left:0\">\n<div class=\"wp-block-group has-background is-content-justification-left is-layout-constrained wp-container-core-group-is-layout-781a648b wp-block-group-is-layout-constrained\" style=\"border-radius:100px;background-color:#2b3088;padding-top:16px;padding-right:16px;padding-bottom:16px;padding-left:16px\">\n<figure class=\"wp-block-image size-full\"><img loading=\"lazy\" decoding=\"async\" width=\"640\" height=\"456\" src=\"https:\/\/2024.konferencevenkov.cz\/wp-content\/uploads\/2024\/06\/bed-2.png\" alt=\"\" class=\"wp-image-171\" srcset=\"https:\/\/2024.konferencevenkov.cz\/wp-content\/uploads\/2024\/06\/bed-2.png 640w, https:\/\/2024.konferencevenkov.cz\/wp-content\/uploads\/2024\/06\/bed-2-300x214.png 300w\" sizes=\"auto, (max-width: 640px) 100vw, 640px\" \/><\/figure>\n<\/div>\n<\/div>\n\n\n\n<p><strong>Dobr\u00fd Kanec \u2013 Hostinec<\/strong><\/p>\n\n\n\n<p>web: <a href=\"http:\/\/www.dobrykanec.cz\" data-type=\"link\" data-id=\"www.dobrykanec.cz\">www.dobrykanec.cz<\/a><\/p>\n\n\n\n<p>vzd\u00e1lenost: od centra 200 m<\/p>\n\n\n\n<hr class=\"wp-block-separator has-alpha-channel-opacity\"\/>\n\n\n\n<p>Kapacita: 21 osob \/ 2, 3 l\u016f\u017ekov\u00e9 pokoje, 2 apartm\u00e1ny&nbsp;<\/p>\n\n\n\n<p>e-mail:&nbsp;<a href=\"mailto:ubytovani@dobrykanec.cz\">ubytovani@dobrykanec.cz<\/a><\/p>\n\n\n\n<p>tel.: 739 628 356<\/p>\n<\/div>\n<\/div>\n<\/div>\n\n\n\n<div class=\"wp-block-group alignfull has-background is-layout-constrained wp-container-core-group-is-layout-a8cabacf wp-block-group-is-layout-constrained\" style=\"background-color:#ebf2d5;margin-top:0px;margin-bottom:0px;padding-top:64px;padding-right:24px;padding-bottom:64px;padding-left:24px\">\n<div class=\"wp-block-columns alignwide is-layout-flex wp-container-core-columns-is-layout-6127943d wp-block-columns-is-layout-flex\">\n<div class=\"wp-block-column is-layout-flow wp-block-column-is-layout-flow\" style=\"padding-top:0px;padding-right:0px;padding-bottom:0px;padding-left:0px\">\n<div class=\"wp-block-group is-content-justification-left is-layout-constrained wp-container-core-group-is-layout-c659f4f1 wp-block-group-is-layout-constrained\" style=\"padding-top:0;padding-right:0;padding-bottom:0;padding-left:0\">\n<div class=\"wp-block-group has-background is-content-justification-left is-layout-constrained wp-container-core-group-is-layout-781a648b wp-block-group-is-layout-constrained\" style=\"border-radius:100px;background-color:#2b3088;padding-top:16px;padding-right:16px;padding-bottom:16px;padding-left:16px\">\n<figure class=\"wp-block-image size-full\"><img loading=\"lazy\" decoding=\"async\" width=\"640\" height=\"456\" src=\"https:\/\/2024.konferencevenkov.cz\/wp-content\/uploads\/2024\/06\/bed-4.png\" alt=\"\" class=\"wp-image-173\" srcset=\"https:\/\/2024.konferencevenkov.cz\/wp-content\/uploads\/2024\/06\/bed-4.png 640w, https:\/\/2024.konferencevenkov.cz\/wp-content\/uploads\/2024\/06\/bed-4-300x214.png 300w\" sizes=\"auto, (max-width: 640px) 100vw, 640px\" \/><\/figure>\n<\/div>\n<\/div>\n\n\n\n<p><strong>Hotel Kraus (U C\u00edsa\u0159e)<\/strong><\/p>\n\n\n\n<p>web: <a href=\"http:\/\/www.hotelmelnik.cz\" data-type=\"link\" data-id=\"www.hotelmelnik.cz\">www.hotelmelnik.cz<\/a><\/p>\n\n\n\n<p>Vzd\u00e1lenost: v centru m\u011bsta<\/p>\n\n\n\n<hr class=\"wp-block-separator has-alpha-channel-opacity\"\/>\n\n\n\n<p>Kapacita: 20 pokoj\u016f \/ 50 osob&nbsp;<\/p>\n\n\n\n<p>e-mail: <a href=\"mailto:KrausovaL@seznam.cz\">KrausovaL@seznam.cz<\/a><\/p>\n\n\n\n<p>tel.: 720 737 825<\/p>\n<\/div>\n\n\n\n<div class=\"wp-block-column is-layout-flow wp-block-column-is-layout-flow\" style=\"padding-top:0px;padding-right:0px;padding-bottom:0px;padding-left:0px\">\n<div class=\"wp-block-group is-content-justification-left is-layout-constrained wp-container-core-group-is-layout-c659f4f1 wp-block-group-is-layout-constrained\" style=\"padding-top:0;padding-right:0;padding-bottom:0;padding-left:0\">\n<div class=\"wp-block-group has-background is-content-justification-left is-layout-constrained wp-container-core-group-is-layout-781a648b wp-block-group-is-layout-constrained\" style=\"border-radius:100px;background-color:#2b3088;padding-top:16px;padding-right:16px;padding-bottom:16px;padding-left:16px\">\n<figure class=\"wp-block-image size-full\"><img loading=\"lazy\" decoding=\"async\" width=\"640\" height=\"456\" src=\"https:\/\/2024.konferencevenkov.cz\/wp-content\/uploads\/2024\/06\/bed-5.png\" alt=\"\" class=\"wp-image-174\" srcset=\"https:\/\/2024.konferencevenkov.cz\/wp-content\/uploads\/2024\/06\/bed-5.png 640w, https:\/\/2024.konferencevenkov.cz\/wp-content\/uploads\/2024\/06\/bed-5-300x214.png 300w\" sizes=\"auto, (max-width: 640px) 100vw, 640px\" \/><\/figure>\n<\/div>\n<\/div>\n\n\n\n<p><strong>Hotel Swami M\u011bln\u00edk<\/strong><\/p>\n\n\n\n<p>web: <a href=\"https:\/\/hotel-swami.hotel.cz\" data-type=\"link\" data-id=\"https:\/\/hotel-swami.hotel.cz\">https:\/\/hotel-swami.hotel.cz<\/a>&nbsp;<\/p>\n\n\n\n<p>Vzd\u00e1lenost: od centra m\u011bsta 3 km, 8 minut<\/p>\n\n\n\n<hr class=\"wp-block-separator has-alpha-channel-opacity\"\/>\n\n\n\n<p>Kapacita: 13 pokoj\u016f \/ 26 l\u016f\u017eek&nbsp;<\/p>\n\n\n\n<p>e-mail: <a href=\"mailto:ahojindia@gmail.com\">ahojindia@gmail.com<\/a>&nbsp;<\/p>\n\n\n\n<p>tel.: 702 190 509, 607 065 605<\/p>\n<\/div>\n<\/div>\n<\/div>\n\n\n\n<div class=\"wp-block-group alignfull has-ti-bg-background-color has-background is-layout-constrained wp-container-core-group-is-layout-a8cabacf wp-block-group-is-layout-constrained\" style=\"margin-top:0px;margin-bottom:0px;padding-top:64px;padding-right:24px;padding-bottom:64px;padding-left:24px\">\n<div class=\"wp-block-columns alignwide is-layout-flex wp-container-core-columns-is-layout-6127943d wp-block-columns-is-layout-flex\">\n<div class=\"wp-block-column is-layout-flow wp-block-column-is-layout-flow\" style=\"padding-top:0px;padding-right:0px;padding-bottom:0px;padding-left:0px\">\n<div class=\"wp-block-group is-content-justification-left is-layout-constrained wp-container-core-group-is-layout-c659f4f1 wp-block-group-is-layout-constrained\" style=\"padding-top:0;padding-right:0;padding-bottom:0;padding-left:0\">\n<div class=\"wp-block-group has-background is-content-justification-left is-layout-constrained wp-container-core-group-is-layout-781a648b wp-block-group-is-layout-constrained\" style=\"border-radius:100px;background-color:#2b3088;padding-top:16px;padding-right:16px;padding-bottom:16px;padding-left:16px\">\n<figure class=\"wp-block-image size-full\"><img loading=\"lazy\" decoding=\"async\" width=\"640\" height=\"456\" src=\"https:\/\/2024.konferencevenkov.cz\/wp-content\/uploads\/2024\/06\/bed-4.png\" alt=\"\" class=\"wp-image-173\" srcset=\"https:\/\/2024.konferencevenkov.cz\/wp-content\/uploads\/2024\/06\/bed-4.png 640w, https:\/\/2024.konferencevenkov.cz\/wp-content\/uploads\/2024\/06\/bed-4-300x214.png 300w\" sizes=\"auto, (max-width: 640px) 100vw, 640px\" \/><\/figure>\n<\/div>\n<\/div>\n\n\n\n<p><strong>Penzion u \u0160t\u011brb\u016f<\/strong><\/p>\n\n\n\n<p>web: <a href=\"https:\/\/www.penziony.cz\/melnik\/ubytovani-u-sterbu\/\">https:\/\/www.penziony.cz\/melnik\/ubytovani-u-sterbu\/<\/a><\/p>\n\n\n\n<hr class=\"wp-block-separator has-alpha-channel-opacity\"\/>\n\n\n\n<p>Kapacita: cca 10 pokoj\u016f \/ 12 l\u016f\u017eek<\/p>\n\n\n\n<p>e-mail: <a href=\"mailto:jiri.sterba@atlas.cz\">jiri.sterba@atlas.cz<\/a><\/p>\n\n\n\n<p>tel.: 607 934 369<\/p>\n<\/div>\n\n\n\n<div class=\"wp-block-column is-layout-flow wp-block-column-is-layout-flow\" style=\"padding-top:0px;padding-right:0px;padding-bottom:0px;padding-left:0px\">\n<div class=\"wp-block-group is-content-justification-left is-layout-constrained wp-container-core-group-is-layout-c659f4f1 wp-block-group-is-layout-constrained\" style=\"padding-top:0;padding-right:0;padding-bottom:0;padding-left:0\">\n<div class=\"wp-block-group has-background is-content-justification-left is-layout-constrained wp-container-core-group-is-layout-781a648b wp-block-group-is-layout-constrained\" style=\"border-radius:100px;background-color:#2b3088;padding-top:16px;padding-right:16px;padding-bottom:16px;padding-left:16px\">\n<figure class=\"wp-block-image size-full\"><img loading=\"lazy\" decoding=\"async\" width=\"640\" height=\"456\" src=\"https:\/\/2024.konferencevenkov.cz\/wp-content\/uploads\/2024\/06\/bed-5.png\" alt=\"\" class=\"wp-image-174\" srcset=\"https:\/\/2024.konferencevenkov.cz\/wp-content\/uploads\/2024\/06\/bed-5.png 640w, https:\/\/2024.konferencevenkov.cz\/wp-content\/uploads\/2024\/06\/bed-5-300x214.png 300w\" sizes=\"auto, (max-width: 640px) 100vw, 640px\" \/><\/figure>\n<\/div>\n<\/div>\n\n\n\n<p><strong>Penzion Piranha<\/strong><\/p>\n\n\n\n<p>web: <a href=\"https:\/\/penzion-piranha.hotel.cz\">https:\/\/penzion-piranha.hotel.cz<\/a><\/p>\n\n\n\n<hr class=\"wp-block-separator has-alpha-channel-opacity\"\/>\n\n\n\n<p>Kapacita: 8 l\u016f\u017eek&nbsp;<\/p>\n\n\n\n<p>tel.: 608 127 966<\/p>\n<\/div>\n<\/div>\n<\/div>\n\n\n\n<div class=\"wp-block-group alignfull has-background is-layout-constrained wp-container-core-group-is-layout-a8cabacf wp-block-group-is-layout-constrained\" style=\"background-color:#ebf2d5;margin-top:0px;margin-bottom:0px;padding-top:64px;padding-right:24px;padding-bottom:64px;padding-left:24px\">\n<div class=\"wp-block-columns alignwide is-layout-flex wp-container-core-columns-is-layout-6127943d wp-block-columns-is-layout-flex\">\n<div class=\"wp-block-column is-layout-flow wp-block-column-is-layout-flow\" style=\"padding-top:0px;padding-right:0px;padding-bottom:0px;padding-left:0px\">\n<div class=\"wp-block-group is-content-justification-left is-layout-constrained wp-container-core-group-is-layout-c659f4f1 wp-block-group-is-layout-constrained\" style=\"padding-top:0;padding-right:0;padding-bottom:0;padding-left:0\">\n<div class=\"wp-block-group has-background is-content-justification-left is-layout-constrained wp-container-core-group-is-layout-781a648b wp-block-group-is-layout-constrained\" style=\"border-radius:100px;background-color:#2b3088;padding-top:16px;padding-right:16px;padding-bottom:16px;padding-left:16px\">\n<figure class=\"wp-block-image size-full\"><img loading=\"lazy\" decoding=\"async\" width=\"640\" height=\"456\" src=\"https:\/\/2024.konferencevenkov.cz\/wp-content\/uploads\/2024\/06\/bed-4.png\" alt=\"\" class=\"wp-image-173\" srcset=\"https:\/\/2024.konferencevenkov.cz\/wp-content\/uploads\/2024\/06\/bed-4.png 640w, https:\/\/2024.konferencevenkov.cz\/wp-content\/uploads\/2024\/06\/bed-4-300x214.png 300w\" sizes=\"auto, (max-width: 640px) 100vw, 640px\" \/><\/figure>\n<\/div>\n<\/div>\n\n\n\n<p><strong>Penzion Family<\/strong><\/p>\n\n\n\n<p>web: <a href=\"https:\/\/www.familypension.cz\">https:\/\/www.familypension.cz<\/a><\/p>\n\n\n\n<hr class=\"wp-block-separator has-alpha-channel-opacity\"\/>\n\n\n\n<p>Kapacita: cca 10 pokoj\u016f \/ 16 l\u016f\u017eek<\/p>\n\n\n\n<p>e-mail:\u00a0<a href=\"mailto:KrausovaLenka@seznam.cz\"><a href=\"mailto:familypension@seznam.cz\" target=\"_blank\" rel=\"noreferrer noopener\">familypension@seznam.cz<\/a><\/a><\/p>\n\n\n\n<p>tel.: 775 214 600<\/p>\n<\/div>\n\n\n\n<div class=\"wp-block-column is-layout-flow wp-block-column-is-layout-flow\" style=\"padding-top:0px;padding-right:0px;padding-bottom:0px;padding-left:0px\">\n<div class=\"wp-block-group is-content-justification-left is-layout-constrained wp-container-core-group-is-layout-c659f4f1 wp-block-group-is-layout-constrained\" style=\"padding-top:0;padding-right:0;padding-bottom:0;padding-left:0\">\n<div class=\"wp-block-group has-background is-content-justification-left is-layout-constrained wp-container-core-group-is-layout-781a648b wp-block-group-is-layout-constrained\" style=\"border-radius:100px;background-color:#2b3088;padding-top:16px;padding-right:16px;padding-bottom:16px;padding-left:16px\">\n<figure class=\"wp-block-image size-full\"><img loading=\"lazy\" decoding=\"async\" width=\"640\" height=\"456\" src=\"https:\/\/2024.konferencevenkov.cz\/wp-content\/uploads\/2024\/06\/bed-5.png\" alt=\"\" class=\"wp-image-174\" srcset=\"https:\/\/2024.konferencevenkov.cz\/wp-content\/uploads\/2024\/06\/bed-5.png 640w, https:\/\/2024.konferencevenkov.cz\/wp-content\/uploads\/2024\/06\/bed-5-300x214.png 300w\" sizes=\"auto, (max-width: 640px) 100vw, 640px\" \/><\/figure>\n<\/div>\n<\/div>\n\n\n\n<p><strong>Rezidence Lib\u011bchov<\/strong><\/p>\n\n\n\n<p>web: <a href=\"https:\/\/www.rezidencelibechov.cz\">https:\/\/www.rezidencelibechov.cz<\/a><\/p>\n\n\n\n<hr class=\"wp-block-separator has-alpha-channel-opacity\"\/>\n\n\n\n<p>Kapacita: cca 12 pokoj\u016f \/ 35 l\u016f\u017eek&nbsp;<\/p>\n\n\n\n<p>e-mail: <a href=\"mailto:recepce@rezidence-libechov.cz\">recepce@rezidence-libechov.cz<\/a><\/p>\n\n\n\n<p>tel.: 315 650 000<\/p>\n<\/div>\n<\/div>\n<\/div>\n\n\n\n<div id=\"wp-block-themeisle-blocks-popup-0b071c24\" class=\"wp-block-themeisle-blocks-popup is-front\" data-dismiss=\"\" data-time=\"0\" data-anchor=\"\" data-offset=\"\" data-outside=\"true\" data-anchorclose=\"\"><div class=\"otter-popup__modal_wrap\"><div role=\"presentation\" class=\"otter-popup__modal_wrap_overlay\"><\/div><div class=\"otter-popup__modal_content\"><div class=\"otter-popup__modal_header\"><button type=\"button\" class=\"components-button has-icon\"><svg width=\"24\" height=\"24\" xmlns=\"http:\/\/www.w3.org\/2000\/svg\" viewBox=\"0 0 24 24\" role=\"img\" aria-hidden=\"true\"><path d=\"M12 13.06l3.712 3.713 1.061-1.06L13.061 12l3.712-3.712-1.06-1.06L12 10.938 8.288 7.227l-1.061 1.06L10.939 12l-3.712 3.712 1.06 1.061L12 13.061z\"><\/path><\/svg><\/button><\/div><div class=\"otter-popup__modal_body\">\n<p class=\"has-vivid-red-color has-text-color has-link-color wp-elements-ab4dbd11ef06773100a55d7827af5146\" style=\"font-size:clamp(14px, 0.875rem + ((1vw - 3.2px) * 0.244), 16px);\"><strong>! D\u016fle\u017eit\u00e1 zpr\u00e1va!<\/strong><\/p>\n\n\n\n<p style=\"font-size:clamp(14px, 0.875rem + ((1vw - 3.2px) * 0.244), 16px);\">P\u0159i zaji\u0161t\u011bn\u00ed ubytov\u00e1n\u00ed pros\u00edm ubytovac\u00edm kapacit\u00e1m nahla\u0161te, \u017ee jste <strong>\u00fa\u010dastn\u00edky &#8222;Konference venkov&#8220;<\/strong>.<\/p>\n\n\n\n<p style=\"font-size:clamp(14px, 0.875rem + ((1vw - 3.2px) * 0.244), 16px);\">Po cel\u00e9 d\u00e9lce ulice Plavebn\u00ed (p\u011b\u0161ky 350 &#8211; 800 m k Z\u00e1mku) lze <strong>bezplatn\u011b parkovat<\/strong>.<\/p>\n<\/div><\/div><\/div><\/div>\n\n\n\n<p><\/p>\n","protected":false},"excerpt":{"rendered":"<p>Ubytov\u00e1n\u00ed V dostupn\u00e9 vzd\u00e1lenosti 1-2 km od centra m\u011bsta se nach\u00e1z\u00ed cel\u00e1 \u0159ada vyhovuj\u00edc\u00edch v\u011bt\u0161\u00edch i men\u0161\u00edch hotel\u016f s celkovou kapacitou cca 200 ubytovan\u00fdch osob.&nbsp;&nbsp;Ubytov\u00e1n\u00ed si \u00fa\u010dastn\u00edci konference zaji\u0161\u0165uj\u00ed a hrad\u00ed sami. P\u0159i objedn\u00e1n\u00ed ubytov\u00e1n\u00ed vyu\u017eijte heslo \u201eKonference venkov\u201c.Parkov\u00e1n\u00ed vozidel bude p\u0159\u00edmo v&nbsp;are\u00e1lu ubytovac\u00edho za\u0159\u00edzen\u00ed. Nelze zajistit parkov\u00e1n\u00ed vozidel v&nbsp;historick\u00e9 \u010d\u00e1sti M\u011bln\u00edka, tedy na n\u00e1m\u011bst\u00ed [&hellip;]<\/p>\n","protected":false},"author":1,"featured_media":0,"parent":0,"menu_order":0,"comment_status":"closed","ping_status":"closed","template":"","meta":{"_themeisle_gutenberg_block_has_review":false,"footnotes":""},"class_list":["post-113","page","type-page","status-publish","hentry"],"_links":{"self":[{"href":"https:\/\/2024.konferencevenkov.cz\/index.php\/wp-json\/wp\/v2\/pages\/113","targetHints":{"allow":["GET"]}}],"collection":[{"href":"https:\/\/2024.konferencevenkov.cz\/index.php\/wp-json\/wp\/v2\/pages"}],"about":[{"href":"https:\/\/2024.konferencevenkov.cz\/index.php\/wp-json\/wp\/v2\/types\/page"}],"author":[{"embeddable":true,"href":"https:\/\/2024.konferencevenkov.cz\/index.php\/wp-json\/wp\/v2\/users\/1"}],"replies":[{"embeddable":true,"href":"https:\/\/2024.konferencevenkov.cz\/index.php\/wp-json\/wp\/v2\/comments?post=113"}],"version-history":[{"count":38,"href":"https:\/\/2024.konferencevenkov.cz\/index.php\/wp-json\/wp\/v2\/pages\/113\/revisions"}],"predecessor-version":[{"id":345,"href":"https:\/\/2024.konferencevenkov.cz\/index.php\/wp-json\/wp\/v2\/pages\/113\/revisions\/345"}],"wp:attachment":[{"href":"https:\/\/2024.konferencevenkov.cz\/index.php\/wp-json\/wp\/v2\/media?parent=113"}],"curies":[{"name":"wp","href":"https:\/\/api.w.org\/{rel}","templated":true}]}}